{"version":"1.0","provider_name":"Kieneck","provider_url":"https:\/\/www.kieneck.at\/en","author_name":"Oesterreichischer Alpenverein Sektion Enzian","author_url":"https:\/\/www.kieneck.at\/en\/author\/Oesterreichischer Alpenverein Sektion Enzian\/","title":"Enzianh\u00fctte am Kieneck 1107m Seeh\u00f6he - Kieneck","type":"rich","width":600,"height":338,"html":"<blockquote class=\"wp-embedded-content\" data-secret=\"3kicLoTbjY\"><a href=\"https:\/\/www.kieneck.at\/en\/\">Enzianh\u00fctte at Kieneck 1107m above sea level<\/a><\/blockquote><iframe sandbox=\"allow-scripts\" security=\"restricted\" src=\"https:\/\/www.kieneck.at\/en\/embed\/#?secret=3kicLoTbjY\" width=\"600\" height=\"338\" title=\"&#8220;Enzianh\u00fctte am Kieneck 1107m Seeh\u00f6he&#8221; &#8212; Kieneck\" data-secret=\"3kicLoTbjY\" frameborder=\"0\" marginwidth=\"0\" marginheight=\"0\" scrolling=\"no\" class=\"wp-embedded-content\"><\/iframe><script type=\"text\/javascript\">\n\/* <![CDATA[ *\/\n\/*! This file is auto-generated *\/\n!function(d,l){\"use strict\";l.querySelector&&d.addEventListener&&\"undefined\"!=typeof URL&&(d.wp=d.wp||{},d.wp.receiveEmbedMessage||(d.wp.receiveEmbedMessage=function(e){var t=e.data;if((t||t.secret||t.message||t.value)&&!\/[^a-zA-Z0-9]\/.test(t.secret)){for(var s,r,n,a=l.querySelectorAll('iframe[data-secret=\"'+t.secret+'\"]'),o=l.querySelectorAll('blockquote[data-secret=\"'+t.secret+'\"]'),c=new RegExp(\"^https?:$\",\"i\"),i=0;i<o.length;i++)o[i].style.display=\"none\";for(i=0;i<a.length;i++)s=a[i],e.source===s.contentWindow&&(s.removeAttribute(\"style\"),\"height\"===t.message?(1e3<(r=parseInt(t.value,10))?r=1e3:~~r<200&&(r=200),s.height=r):\"link\"===t.message&&(r=new URL(s.getAttribute(\"src\")),n=new URL(t.value),c.test(n.protocol))&&n.host===r.host&&l.activeElement===s&&(d.top.location.href=t.value))}},d.addEventListener(\"message\",d.wp.receiveEmbedMessage,!1),l.addEventListener(\"DOMContentLoaded\",function(){for(var e,t,s=l.querySelectorAll(\"iframe.wp-embedded-content\"),r=0;r<s.length;r++)(t=(e=s[r]).getAttribute(\"data-secret\"))||(t=Math.random().toString(36).substring(2,12),e.src+=\"#?secret=\"+t,e.setAttribute(\"data-secret\",t)),e.contentWindow.postMessage({message:\"ready\",secret:t},\"*\")},!1)))}(window,document);\n\/\/# sourceURL=https:\/\/www.kieneck.at\/wp-includes\/js\/wp-embed.min.js\n\/* ]]> *\/\n<\/script>","description":"Seit 2017 bewirtschaften Steffi und Simon die Enzianh\u00fctte am Kieneck auf 1107m Seeh\u00f6he. Unser Ziel ist es, Wanderer und Besucher mit regionalen und saisonalen Schmankerln zu verw\u00f6hnen. Was wir k\u00f6nnen bauen wir selber im Garten an, produzierenselbstgemachte Ansatzschn\u00e4pse, kochen Marmeladen ein, versuchen uns an Speck. Pesto, Chutneys und S\u00e4ften und haben Spass daran uns immer wieder neue Gaumenfreuden zu \u00fcberlegen.","thumbnail_url":"https:\/\/kieneck.christian-karl.at\/control\/faststream.jpg?stream=full&amp;quality=40&amp;fps=4.0"}